{"id":2356,"date":"2019-03-28T14:25:32","date_gmt":"2019-03-28T17:25:32","guid":{"rendered":"https:\/\/www.encontramaceio.com.br\/sobre\/?page_id=2356"},"modified":"2019-04-12T11:21:24","modified_gmt":"2019-04-12T14:21:24","slug":"procon-maceio","status":"publish","type":"page","link":"https:\/\/www.encontramaceio.com.br\/sobre\/procon-maceio\/","title":{"rendered":"Procon Macei\u00f3"},"content":{"rendered":"<div class=\"dcb782f0616bca5484400fea6b37e93d\" data-index=\"1\" style=\"float: none; margin:0px;\">\n<script async src=\"https:\/\/pagead2.googlesyndication.com\/pagead\/js\/adsbygoogle.js?client=ca-pub-8585364105181520\"\r\n     crossorigin=\"anonymous\"><\/script>\r\n<!-- Anuncio display - global -->\r\n<ins class=\"adsbygoogle\"\r\n     style=\"display:block\"\r\n     data-ad-client=\"ca-pub-8585364105181520\"\r\n     data-ad-slot=\"8789329856\"\r\n     data-ad-format=\"auto\"\r\n     data-full-width-responsive=\"true\"><\/ins>\r\n<script>\r\n     (adsbygoogle = window.adsbygoogle || []).push({});\r\n<\/script>\n<\/div>\n<p><strong>Procon Macei\u00f3<\/strong> \u00e9 a Superintend\u00eancia de Prote\u00e7\u00e3o e Defesa do Consumidor, Procon, \u00e9 um \u00f3rg\u00e3o estadual que tem como objetivo orientar e defender os consumidores.<\/p>\n<p>Fiscalizar a aplica\u00e7\u00e3o das leis do C\u00f3digo de Defesa do Consumidor \u00e9 a principal atividade da institui\u00e7\u00e3o.<\/p>\n<p><img loading=\"lazy\" decoding=\"async\" class=\"aligncenter wp-image-2358 size-full\" title=\"Procon Macei\u00f3\" src=\"https:\/\/www.encontramaceio.com.br\/sobre\/wp-content\/uploads\/2019\/03\/procon-maceio.jpg\" alt=\"Procon Macei\u00f3\" width=\"680\" height=\"189\" srcset=\"https:\/\/www.encontramaceio.com.br\/sobre\/wp-content\/uploads\/2019\/03\/procon-maceio.jpg 680w, https:\/\/www.encontramaceio.com.br\/sobre\/wp-content\/uploads\/2019\/03\/procon-maceio-300x83.jpg 300w\" sizes=\"auto, (max-width: 680px) 100vw, 680px\" \/><\/p>\n<p><strong>1987 e 1988<\/strong><br \/>\nEm Alagoas, o Procon foi criado no dia 13 de novembro de 1987 e funcionou oficialmente no dia 23 daquele m\u00eas. Ana Elizabeth Pessoa de Melo era a respons\u00e1vel. A primeira a\u00e7\u00e3o foi uma Blitz que recolheu mil quilos de produtos estragados. Ainda nos anos 80, em 1988, o \u00f3rg\u00e3o foi gerido por Marcos Kummer e mais tarde, de forma interina, por Gilvan Brand\u00e3o.<\/p>\n<p><strong>1990<\/strong><br \/>\nNa d\u00e9cada de 90 a institui\u00e7\u00e3o teve um grande per\u00edodo de desenvolvimento. Em 11 de setembro de 1990 foi sancionada a lei nacional 8.078, que estabelece o C\u00f3digo de Prote\u00e7\u00e3o e Defesa do Consumidor, nessa \u00e9poca Marcos Porto assume a coordena\u00e7\u00e3o do Procon, onde permaneceu at\u00e9 1994. Neste ano a institui\u00e7\u00e3o realizou uma vasta blitz denominada \u201cOpera\u00e7\u00e3o Dezembro Real\u201d.<\/p>\n<p><strong>1995<\/strong><br \/>\nEm 1995 Neilde Rossiter assume a responsabilidade pelo Procon, ao mesmo tempo em que \u00e9 inaugurada a nova sede, a estrutura \u00e9 modernizada e \u00e9 oferecido um melhor atendimento ao consumidor. Tr\u00eas anos depois, a institui\u00e7\u00e3o deflagra campanha contra a cobran\u00e7a das taxas de servi\u00e7o em bares e apresenta sua p\u00e1gina na internet: Em julho do mesmo ano, Daniela Carvalho coordena o Procon e o \u00f3rg\u00e3o instaura processos contra 93 estabelecimentos de ensino.<\/p>\n<p><strong>1999<\/strong><br \/>\nEm 1999 Wedna Miranda passa a comandar o Procon, neste per\u00edodo a institui\u00e7\u00e3o ganha ainda mais destaque. Neste ano o \u00f3rg\u00e3o muda de sede para a rua Cincinato Pinto, n\u00ba 503, Centro, onde permanece at\u00e9 hoje; em parceria com o Minist\u00e9rio P\u00fablico, abre um processo contra os crimes de sonega\u00e7\u00e3o, adultera\u00e7\u00e3o e carteliza\u00e7\u00e3o dos postos de combust\u00edveis. O ent\u00e3o governador Ronaldo Lessa d\u00e1 posse ao Conselho Estadual de Direito do Consumidor &#8211; CEPROCON e implementa o Fundo Estadual de Direito do Consumidor &#8211; FUNDECON. O Procon tamb\u00e9m implanta os cadastros de reclama\u00e7\u00f5es fundamentadas, a partir da\u00ed resultados s\u00e3o apresentados, e no final do ano um saldo de 30 estabelecimentos comerciais autuados.<\/p>\n<p><strong>2000<\/strong><br \/>\nNo ano 2000, o C\u00f3digo de Defesa do Consumidor comemora dez anos de vig\u00eancia. O Procon combate o abuso nas listas de material escolar e os pre\u00e7os abusivos, al\u00e9m do v\u00edcio na quantidade de produtos oferecidos pelas distribuidoras e revendedores de g\u00e1s de cozinha. S\u00e3o inaugurados dois postos de atendimento do Procon, nas centrais JA\u2019s, do Farol e da Cambona. Um ano depois a institui\u00e7\u00e3o lan\u00e7a o C\u00f3digo de Defesa do Consumidor em braile e realiza tamb\u00e9m capacita\u00e7\u00e3o de t\u00e9cnicos para o atendimento aos deficientes auditivos. O \u00f3rg\u00e3o ainda organiza uma exposi\u00e7\u00e3o com trabalhos de 13 artistas pl\u00e1sticos alagoanos, com temas relacionados \u00e0 prote\u00e7\u00e3o e ao direito do consumidor.<\/p>\n<p><strong>2002<\/strong><br \/>\nEm 2002 as a\u00e7\u00f5es de interioriza\u00e7\u00e3o da defesa do consumidor ganham destaque por meio do Programa Governo no Interior, h\u00e1 o conv\u00eanio com a Prefeitura de Palmeira dos \u00cdndios na cria\u00e7\u00e3o do Procon municipal, parcerias no Projeto Justi\u00e7a Itinerante, com o v\u00eddeo \u201cT\u00f4 de Olho\u201d, e junto \u00e0 Associa\u00e7\u00e3o Comercial, atrav\u00e9s de palestras educativas. O site passa a disponibilizar as pesquisas mensais e de \u00e9poca. No mesmo ano, o Procon luta contra o caos na telefonia fixa, que se mant\u00e9m at\u00e9 o ano seguinte, al\u00e9m de lan\u00e7ar o cat\u00e1logo Inimigo Oculto.<\/p>\n<p><strong>2003<\/strong><br \/>\nOs alagoanos ganham outro posto de atendimento com a inaugura\u00e7\u00e3o do JA Mangabeiras, em 2003. O \u00f3rg\u00e3o assina conv\u00eanio com a UFAL, com o Cesmac e d\u00e1 continuidade ao Projeto Justi\u00e7a Itinerante.<\/p>\n<p><strong>2004<\/strong><br \/>\nNo ano seguinte, o Procon participa, em parceria com a Pol\u00edcia Militar, o Minist\u00e9rio da Agricultura, a Vigil\u00e2ncia Sanit\u00e1ria e a Secretaria da Fazenda, de uma for\u00e7a-tarefa com o objetivo de fiscalizar o transporte clandestino de carnes, peixes, crust\u00e1ceos e latic\u00ednios. Nesta a\u00e7\u00e3o s\u00e3o apreendidas 1,6 toneladas de alimentos. O Procon ainda alerta contra abusos das empresas de telefonia m\u00f3vel, acompanha o boicote dos planos de sa\u00fade, autua editoras que aplicavam golpe por telemarketing, orienta sobre o pagamento da taxa de consuma\u00e7\u00e3o e define rela\u00e7\u00e3o dos materiais escolares que n\u00e3o podem ser pedidos pelas escolas. Tamb\u00e9m \u00e9 inaugurada mais uma Central J\u00e1 de Atendimento, no Centro.<\/p>\n<p><strong>2005<\/strong><br \/>\nNos ano de 2005, o Procon acompanha a fixa\u00e7\u00e3o de pre\u00e7os nos supermercados; viabiliza, junto a Secretaria de Assist\u00eancia Social, a inser\u00e7\u00e3o de 6 jovens no mercado de trabalho atrav\u00e9s do projeto 1\u00ba Emprego; amplia as atividades de for\u00e7a-tarefa; notifica as administradoras de cart\u00e3o de cr\u00e9dito com rela\u00e7\u00e3o \u00e0 venda por telemarketing (golpe da lista telef\u00f4nica). O \u00f3rg\u00e3o tamb\u00e9m participa do aprimoramento da inscri\u00e7\u00e3o da d\u00edvida ativa do Estado.<\/p>\n<p><strong>2006<\/strong><br \/>\nJ\u00e1 em 2006, \u00e9 inaugurado mais um posto de atendimento, desta vez no munic\u00edpio de Delmiro Gouveia. O Procon assina decis\u00e3o cautelar de suspens\u00e3o da venda de celulares das empresas Nokia e Siemens e firma ajustamento de conduta. A institui\u00e7\u00e3o celebra tr\u00eas datas importantes: o Dia Mundial do Consumidor (15 de Mar\u00e7o), os 16 anos do C\u00f3digo de Prote\u00e7\u00e3o e Defesa do Consumidor e os 19 anos de sua cria\u00e7\u00e3o no Estado.<\/p>\n<p><strong>2007<\/strong><br \/>\nEm 2007 o Procon se transforma em Superintend\u00eancia e Alexandre Gomes de Barros \u00e9 o respons\u00e1vel pelo \u00f3rg\u00e3o. Entre os projetos do superintendente est\u00e1 a amplia\u00e7\u00e3o de parcerias entre o \u00f3rg\u00e3o e as empresas buscando solu\u00e7\u00f5es mais r\u00e1pidas para os problemas do consumidor; ampliar ainda mais o atendimento no interior; formalizar parceria com o juizado das causas do consumo e criar escolas para a educa\u00e7\u00e3o do consumidor.<\/p>\n<p><strong>2008<\/strong><br \/>\nDesde o in\u00edcio de 2008, o Procon\/AL \u00e9 comandado por Rodrigo Santos Cunha. O atual superintendente tem como foco a descentraliza\u00e7\u00e3o do atendimento do \u00d3rg\u00e3o e busca levar cidadania aos consumidores atrav\u00e9s de cursos, palestras, f\u00f3runs e eventos sobre o Direito e Defesa do Consumidor. Governo do Estado lan\u00e7a programa Nota Fiscal Alagoana e Procon \u00e9 parceiro. Governador sanciona cria\u00e7\u00e3o da Escola Estadual de Direito do Consumidor.<\/p>\n<p><strong>2009<\/strong><br \/>\nProcon firma conv\u00eanio com o Governo Federal, atrav\u00e9s do PRONASCI\/Minist\u00e9rio da Justi\u00e7a, para execu\u00e7\u00e3o do Projeto Procon Comunit\u00e1rio, selecionando 40 jovens multiplicadores para trabalharem nos bairros como agentes de cidadania e do Direito do consumidor. Neste mesmo ano o Procon M\u00f3vel \u00e9 inaugurando aumentando a abrang\u00eancia do \u00f3rg\u00e3o em todo o estado. Ainda em 2009 a Escola Estadual de Direito do Consumidor &#8211; EEDC firma parceira com a Escola Nacional de Defesa do Consumidor &#8211; ENDC do Minist\u00e9rio da Justi\u00e7a.<\/p>\n<p><strong>2010<\/strong><br \/>\nEm 2010 \u00e9 realizado o 1\u00ba e 2\u00ba Concurso Procon Cultural de fotografia, m\u00fasica, reda\u00e7\u00e3o e poesia. O processo de descentraliza\u00e7\u00e3o avan\u00e7a com a inaugura\u00e7\u00e3o de 13 postos no interior e 10 na capital. Em uma grande festa na orla mar\u00edtima de Macei\u00f3 s\u00e3o comemorados os 20 anos do C\u00f3digo de Defesa do Consumidor. Em parceria com o F\u00f3rum Alagoas Inclusiva o Procon realiza o 1\u00ba Semin\u00e1rio de Acessibilidade nas Rela\u00e7\u00f5es de Consumo. No mesmo ano Procon e Tribunal de Justi\u00e7a firmam parceria atrav\u00e9s do Sistema Projudi diminuindo a dist\u00e2ncia da popula\u00e7\u00e3o \u00e0 Justi\u00e7a.<\/p>\n<p><strong>2011<\/strong><br \/>\nK\u00e1tia Born assume a Secretaria de Estado da Mulher, da Cidadania e dos Direitos Humanos e com Rodrigo Cunha frente do Procon d\u00e3o continuidade \u00e0s a\u00e7\u00f5es no segundo mandato do Governador Teot\u00f4nio Viela Filho. Opera\u00e7\u00e3o da Fiscaliza\u00e7\u00e3o apreende quase 2 toneladas de alimentos impr\u00f3prios para o consumo em supermercados da capital e do interior. N\u00facleo de atendimento ao consumidor superendividado completa 1 ano de funcionamento com 90% de acordos firmados. Projeto Procon na faculdade inaugura novos postos de atendimento em institui\u00e7\u00f5es de ensino. Ainda em 2011 Procon sedia o 8\u00ba Congresso Nacional de Direito do Consumidor.<\/p>\n<p><strong>2012<\/strong><br \/>\nO trabalho continua.<\/p>\n<p><strong>2015<\/strong><br \/>\nCom uma nova gest\u00e3o \u00e0 frente de Alagoas, agora governado por Renan Filho, em abril de 2015, a superintend\u00eancia do Procon Alagoas passa a ter Fl\u00e1via Cavalcante como gestora. Autuou 49 postos de combust\u00edvel na capital. Realizou dezenas de fiscaliza\u00e7\u00f5es e apreendeu milhares de produtos. Buscou qualificar funcion\u00e1rios do \u00f3rg\u00e3o para melhor atender o consumidor. Iniciou reforma na sede de atendimento do Procon Delmiro Gouveia. Intensificou fiscaliza\u00e7\u00f5es no interior do Estado. Apoiou e import\u00e2ncia da acessibilidade e em parceria com a Secretaria da Mulher e dos Direitos Humanos realizou diversas fiscaliza\u00e7\u00f5es em prol da pessoa com defici\u00eancia. Participou do I Congresso Alagoano de Direito Civil e do Consumidor, onde o ent\u00e3o supervisor do \u00f3rg\u00e3o Jo\u00e3o An\u00edzio Ara\u00fajo dos Santos, ministrou uma palestra. Participou do 20\u00ba Congresso Mundial de Consumers Internacional. Recebeu mais de 35.000 reclama\u00e7\u00f5es de consumidores durante o ano.<\/p>\n<p><strong>2016<\/strong><br \/>\nMegaopera\u00e7\u00e3o do Procon fiscaliza praias alagoanas contra abusos de pre\u00e7os. Procon\/AL realiza opera\u00e7\u00e3o em postos de combust\u00edvel de Macei\u00f3. Notifica postos de combust\u00edveis por pr\u00e1tica de cobran\u00e7a abusiva. Multa operadoras por bloqueio de internet m\u00f3vel. Autua postos de combust\u00edveis na capital e interior por irregularidades. Procon fortalece parceria com Semudh e cobra acessibilidade de lojistas. Promove atividades na Semana do Consumidor e realiza mais de 300 atendimentos. Lan\u00e7a programa semanal para orientar consumidor sobre rela\u00e7\u00f5es de consumo, o Minuto Procon. Participa do XIII Congresso Brasileiro do Direito do Consumidor. Superintendente Fl\u00e1via Cavalcante muda logomarca e proposta, agora com a miss\u00e3o de um \u201cProcon para Todos\u201d. Em agosto, Jo\u00e3o An\u00edzio Ara\u00fajo dos Santos Neto passa a comandar o \u00f3rg\u00e3o. Em setembro, Procon realiza evento em comemora\u00e7\u00e3o aos seus 29 anos com corrida de rua e atendimento \u00e0 popula\u00e7\u00e3o. Em homenagem ao anivers\u00e1rio do CDC, Procon-AL refor\u00e7a fiscaliza\u00e7\u00e3o em estabelecimentos. Em outubro, Procon Alagoas muda de endere\u00e7o, com uma estrutura ampla e adequada para melhor atender o consumidor alagoano.<\/p>\n<h2>Procon Macei\u00f3 Whatsapp<\/h2>\n<p>Procon Macei\u00f3 disponibiliza <em>n\u00famero para receber den\u00fancias e tirar d\u00favidas dos consumidores via Whatsapp<\/em>. A nova ferramenta vai garantir maior celeridade no atendimento, com o retorno de seu pedido em tempo real.<\/p>\n<p>O telefone para contato \u00e9 (82) 9 8889-6619. O atendimento com a nova ferramenta \u00e9 feito durante o hor\u00e1rio de funcionamento do \u00f3rg\u00e3o estadual, das 8h \u00e0s 16h, de segunda a sexta-feira. Por isso, as solicita\u00e7\u00f5es feitas fora deste per\u00edodo podem ter um prazo maior para retorno.<\/p>\n<p>O servi\u00e7o conta com uma equipe preparada para atender o consumidor sempre que uma demanda for gerada no aplicativo de mensagens.<\/p>\n<p>O n\u00famero n\u00e3o serve para formalizar reclama\u00e7\u00f5es, que continuam sendo feitas nos polos do \u00f3rg\u00e3o e online por meio do autoatendimento, no site oficial do Procon Estadual.<\/p>\n<h3>Procon Macei\u00f3 Atividades<\/h3>\n<ul>\n<li>Fiscaliza\u00e7\u00e3o<\/li>\n<li>Pesquisa<\/li>\n<li>Escola Estadual de Direito do Consumidor<\/li>\n<li>Procon M\u00f3vel<\/li>\n<li>Atendimento telef\u00f4nico 151<\/li>\n<li>Autoatendimento web<\/li>\n<li>Chat Tira-d\u00favidas<\/li>\n<li>Procon Cultural<\/li>\n<li>Procon Mirin<\/li>\n<li>N\u00facleo de Atendimento ao consumidor Superendividado<\/li>\n<li>Sistema N\u00e3o Perturbe<\/li>\n<li>Minuto Procon<\/li>\n<li>Abertura de processo<\/li>\n<li>Concilia\u00e7\u00e3o<\/li>\n<li>Orienta\u00e7\u00e3o ao consumidor<\/li>\n<\/ul>\n<h3>Procon Macei\u00f3 Reclama\u00e7\u00e3o<\/h3>\n<ul>\n<li><span style=\"text-decoration: underline;\">Sede do Procon<\/span>, Central de Concilia\u00e7\u00e3o, Atendimento, Cart\u00f3rio, Fiscaliza\u00e7\u00e3o, Jur\u00eddico, Escola Estadual de Defesa do Consumidor (EEDC) e N\u00facleo de Psicologia &#8211; Rua Oldemburgo da Silva Paranhos (antiga Rua Goi\u00e1s), 341 Farol, Macei\u00f3 &#8211; AL CEP: 57055-320, de segunda \u00e0 sexta-feira, no hor\u00e1rio das 8 \u00e0s 16 horas<\/li>\n<li><span style=\"text-decoration: underline;\">J\u00c1 Shopping Farol<\/span>\u00a0&#8211; Av. Fernandes Lima &#8211; Shopping Farol &#8211; Macei\u00f3, de segunda a sexta-feira, no hor\u00e1rio de 08 \u00e0s 17 horas &#8211; Fone: 3315 &#8211; 1426<\/li>\n<li><span style=\"text-decoration: underline;\">J\u00e1 Macei\u00f3 Shopping<\/span> &#8211; Avenida Comendador Gustavo Paiva, 2990 &#8211; Mangabeiras, Macei\u00f3 \u2013 AL. 08 \u00e0s 17 horas<\/li>\n<li><span style=\"text-decoration: underline;\">J\u00e1 Shopping P\u00e1tio<\/span> &#8211; Av. Menino Marcelo, 3800 \u2013 Cidade Universit\u00e1ria -Shopping P\u00e1tio Macei\u00f3, de segunda a sexta-feira, no hor\u00e1rio de 08 \u00e0s 17 horas<\/li>\n<\/ul>\n<p><strong>Documenta\u00e7\u00e3o Necess\u00e1ria<\/strong><\/p>\n<ul>\n<li>C\u00f3pia de nota fiscal do produto ou servi\u00e7o ou de algum documento que comprove a compra do procuto\/servi\u00e7o adquirido;<\/li>\n<li>C\u00f3pia da Carteira de Identidade;<\/li>\n<li>C\u00f3pia do CPF;<\/li>\n<li>C\u00f3pia de Comprovante de Resid\u00eancia (Casal, Eletrobr\u00e1s ou Telefone).<\/li>\n<\/ul>\n<h3>Procon Macei\u00f3 N\u00e3o Perturbe<\/h3>\n<p>Objetivo \u00e9 fazer com que usu\u00e1rios de telefonia fixa e m\u00f3vel <em>se vejam livres de liga\u00e7\u00f5es de telemarketing indesejadas<\/em>.<\/p>\n<p>Para fazer o cadastro, tanto de pessoa f\u00edsica como jur\u00eddica, basta entrar no site do PROCON ou do Itec.<\/p>\n<p>No sistema, o usu\u00e1rio informa os dados, recebe uma senha e passa a ter direito a cadastrar quantos n\u00fameros de telefone quiser. Tamb\u00e9m \u00e9 permitido editar os dados conforme achar necess\u00e1rio. Os dados s\u00e3o atualizados em tempo real. Ap\u00f3s 30 dias cadastrado no sistema, o usu\u00e1rio pode acionar o Procon, caso receba alguma liga\u00e7\u00e3o.<\/p>\n<p>As empresas de telemarketing tamb\u00e9m devem se cadastrar no sistema para extrair os telefones dos clientes cadastrados.<\/p>\n<p><b>Lei<\/b><\/p>\n<p>A lei alagoana n\u00ba 7.127, sancionada no in\u00edcio do ano, \u00e9 de autoria do deputado estadual Alberto Sextafeira, e d\u00e1 op\u00e7\u00e3o aos usu\u00e1rios de telefonia m\u00f3vel e fixa de restringirem as chamadas inconvenientes, mas o que poucos sabem \u00e9 que uma lei publicada no in\u00edcio deste ano ampara o cliente que n\u00e3o deseja ser incomodado pelas empresas de telemarketing, ou estabelecimentos que utilizem deste servi\u00e7o.<\/p>\n<p>Denominada de N\u00e3o Perturbe, a lei respalda o cliente. \u201c\u00c9 importante frisar que \u00e9 necess\u00e1rio anotar o dia, a hora, o nome do atendente e da empresa que ele representa, se poss\u00edvel, o n\u00famero de protocolo para fundamentar a den\u00fancia\u201d, afirma o superintendente do Procon, Rodrigo Cunha.<\/p>\n<h3>Hor\u00e1rio de Funcionamento Procon Macei\u00f3<\/h3>\n<ul>\n<li>Segunda a sexta das 8h \u00e0s 16h<\/li>\n<\/ul>\n<h3>Onde Fica, Endere\u00e7o e Telefone Procon Macei\u00f3<\/h3>\n<ul>\n<li>R. Oldemburgo da Silva Paranhos, 341 &#8211; Farol, Macei\u00f3 &#8211; A<\/li>\n<li>Telefone: (82) 3315-3796<\/li>\n<\/ul>\n<h4>Outras informa\u00e7\u00f5es e site<\/h4>\n<ul>\n<li>Mais informa\u00e7\u00f5es: <a href=\"http:\/\/www.procon.al.gov.br\" target=\"_blank\" rel=\"noopener noreferrer\">www.procon.al.gov.br<\/a><\/li>\n<li><a href=\"https:\/\/www.procons.com.br\/procon-shopping-farol-telefone-endereco-e-informacoes\" target=\"_blank\" rel=\"noopener noreferrer\">www.procons.com.br\/procon-shopping-farol-telefone-endereco-e-informacoes<\/a><\/li>\n<li><a href=\"https:\/\/www.procons.com.br\/procon-maceio-shopping-telefone-endereco-e-informacoes\" target=\"_blank\" rel=\"noopener noreferrer\">www.procons.com.br\/procon-maceio-shopping-telefone-endereco-e-informacoes<\/a><\/li>\n<li><a href=\"https:\/\/www.procons.com.br\/procon-shopping-patio-telefone-endereco-e-informacoes\/\" target=\"_blank\" rel=\"noopener noreferrer\">www.procons.com.br\/procon-shopping-patio-telefone-endereco-e-informacoes\/<\/a><\/li>\n<\/ul>\n<h4>Mapa de localiza\u00e7\u00e3o<\/h4>\n<a class=\"wp-colorbox-iframe\" href=\"https:\/\/www.google.com\/maps\/embed?pb=!1m14!1m8!1m3!1d15733.719004894989!2d-35.7362891!3d-9.6442716!3m2!1i1024!2i768!4f13.1!3m3!1m2!1s0x00x128aca401a4265f1!2sProcon+-+AL!5e0!3m2!1spt-BR!2sbr!4v1553783892549\"><img decoding=\"async\" src=\"http:\/\/www.encontramaceio.com.br\/imgs\/maps-post.png\"><\/a>\n\n<div style=\"font-size: 0px; height: 0px; line-height: 0px; margin: 0; padding: 0; clear: both;\"><\/div>","protected":false},"excerpt":{"rendered":"<p>Procon Macei\u00f3 \u00e9 a Superintend\u00eancia de Prote\u00e7\u00e3o e Defesa do Consumidor, Procon, \u00e9 um \u00f3rg\u00e3o estadual que tem como objetivo orientar e defender os consumidores. Fiscalizar a aplica\u00e7\u00e3o das leis do C\u00f3digo de Defesa do Consumidor \u00e9 a principal atividade da institui\u00e7\u00e3o. 1987 e 1988 Em Alagoas, o Procon foi criado no dia 13 de novembro de 1987 e funcionou oficialmente no dia 23 daquele m\u00eas. Ana Elizabeth Pessoa de Melo era a respons\u00e1vel. A primeira a\u00e7\u00e3o foi uma Blitz que recolheu mil quilos de produtos estragados. Ainda nos anos 80, em 1988, o \u00f3rg\u00e3o foi gerido por Marcos Kummer <\/p>\n","protected":false},"author":1,"featured_media":0,"parent":0,"menu_order":0,"comment_status":"closed","ping_status":"closed","template":"","meta":{"footnotes":""},"class_list":["post-2356","page","type-page","status-publish","hentry"],"aioseo_notices":[],"_links":{"self":[{"href":"https:\/\/www.encontramaceio.com.br\/sobre\/wp-json\/wp\/v2\/pages\/2356","targetHints":{"allow":["GET"]}}],"collection":[{"href":"https:\/\/www.encontramaceio.com.br\/sobre\/wp-json\/wp\/v2\/pages"}],"about":[{"href":"https:\/\/www.encontramaceio.com.br\/sobre\/wp-json\/wp\/v2\/types\/page"}],"author":[{"embeddable":true,"href":"https:\/\/www.encontramaceio.com.br\/sobre\/wp-json\/wp\/v2\/users\/1"}],"replies":[{"embeddable":true,"href":"https:\/\/www.encontramaceio.com.br\/sobre\/wp-json\/wp\/v2\/comments?post=2356"}],"version-history":[{"count":3,"href":"https:\/\/www.encontramaceio.com.br\/sobre\/wp-json\/wp\/v2\/pages\/2356\/revisions"}],"predecessor-version":[{"id":2630,"href":"https:\/\/www.encontramaceio.com.br\/sobre\/wp-json\/wp\/v2\/pages\/2356\/revisions\/2630"}],"wp:attachment":[{"href":"https:\/\/www.encontramaceio.com.br\/sobre\/wp-json\/wp\/v2\/media?parent=2356"}],"curies":[{"name":"wp","href":"https:\/\/api.w.org\/{rel}","templated":true}]}}